{"id":1322,"date":"2022-11-13T15:07:21","date_gmt":"2022-11-13T15:07:21","guid":{"rendered":"https:\/\/bioquim.net\/politica-de-privacitat\/"},"modified":"2023-12-12T13:11:08","modified_gmt":"2023-12-12T13:11:08","slug":"politica-de-privacitat","status":"publish","type":"page","link":"https:\/\/bioquim.net\/ca\/politica-de-privacitat\/","title":{"rendered":"Pol\u00edtica de privacitat"},"content":{"rendered":"\n<p>\u00bfQUI\u00c9N ES EL RESPONSABLE DEL TRATAMIENTO DE SUS DATOS?<\/p>\n\n<p>RESPONSABLE DEL TRATAMIENT de les seves dades \u00e9s:<\/p>\n\n<p>Titular: Bioquim SA<\/p>\n\n<p>CIF:<\/p>\n\n<p>Direcci\u00f3: c\\Alemanya 1, 08520, Les Franqueses del Vall\u00e8s (Barcelona)<\/p>\n\n<p>Tel\u00e8fon: <a href=\"tel:+34938495302\">(+34) 93 849 53 02<\/a><\/p>\n\n<p>Correu electr\u00f2nic: <a href=\"mailto:bioquim@bioquim.net\">bioquim@bioquim.net<\/a><\/p>\n\n<p>QU\u00c9 TIPO DE DATOS TRATAMOS?<\/p>\n\n<p>Dependiendo dels productes, serveis o funcionalitats dels que volem gaudir en cada moment necessitem tractar uns dades o altres. En general dichos datos, seran, segons el cas, els seg\u00fcents:<\/p>\n\n<p>Els seus dades identificatives (Per exemple: Su nombre, apellido, idioma, pa\u00eds des del que interact\u00faas con nosotros, datos de contacto, etc.)<\/p>\n\n<p>Dades de connexi\u00f3, geolocalitzaci\u00f3 i navegaci\u00f3 (en cas de que interact\u00faes amb nosaltres des del m\u00f2bil, per exemple).<\/p>\n\n<p>Dades sobre els seus gustos i prefer\u00e8ncies.<\/p>\n\n<p>Recordem que, quan us demanem que rellenem els seus dades personals per donar-li acc\u00e9s a alguna funcionalitat o servei de la web, marcarem alguns camps com a obligatoris, posant les dades que necessitem per poder prestar el servei o donar-li acc\u00e9s a la funcionalitat en q\u00fcesti\u00f3.<\/p>\n\n<p>Per favor, tingui en compte que, si decideix no facilitar-nos aquestes dades, \u00e9s possible que no pugui completar el seu registre com a usuari o que no pugui gaudir d&#8217;aquests serveis o funcionalitats.<\/p>\n\n<p>QU\u00c9 FINALIDAD TRATAMOS SUS DATOS PERSONALS?<\/p>\n\n<p>Depenent de com interactuem amb la nostra web, tractarem les seves dades personals per a les seg\u00fcents finalitats:<\/p>\n\n<p>Per atendre les sol\u00b7licituds o peticions que realitzin a trav\u00e9s dels diferents mitjans incorporats a la nostra web.<\/p>\n\n<p>Nom\u00e9s tractem les dades personals que es necessiten estrictament per gestionar o resoldre la seva petici\u00f3 o petici\u00f3.<\/p>\n\n<p>Per a la gesti\u00f3 de xarxes socials<\/p>\n\n<p>En el cas de que ens fixem o ens contacteu a trav\u00e9s de les diferents xarxes socials en les que estem presents, tractarem les dades que us proporcionem a trav\u00e9s de les mateixes amb l&#8217;\u00fanica finalitat de donar resposta als seus missatges o comentaris i la gesti\u00f3. de la nostra llista de contactes.<\/p>\n\n<p>An\u00e0lisi d&#8217;usabilitat i de qualitat per a la millora dels nostres serveis (Cookies)<\/p>\n\n<p>Si accedeix a la nostra Plataforma, informam de que tractarem les seves dades de navegaci\u00f3 per a fines anal\u00edtics i estad\u00edstics, \u00e9s a dir, per entendre la forma en la que els usuaris interactuen amb la nostra Plataforma i aix\u00ed ser capa\u00e7os d&#8217;introduir millores en la mateixa. Aix\u00ed mateix, en ocasions, realitzem<\/p>\n\n<p>accions i preguntes de qualitat destinades a con\u00e8ixer el grau de satisfacci\u00f3 dels nostres clients i usuaris i detectar aquelles \u00e0rees en les que podem millorar.<\/p>\n\n<p>\u00bfCU\u00c1L ES LA LEGITIMACI\u00d3N PER AL TRATAMIENTO DE SUS DATOS?<\/p>\n\n<p>La base legal que ens permet tractar les seves dades personals tamb\u00e9 dep\u00e8n de la finalitat per a la que els tractem, d&#8217;aquesta manera trobarem diferents bases legals en virtut de les finalitats seg\u00fcents:<\/p>\n\n<p>Atenci\u00f3 sol\u00b7licituds d&#8217;informaci\u00f3.<\/p>\n\n<p>La base legal per al tractament de les seves dades \u00e9s el consentiment informat per donar resposta a les consultes plantades a trav\u00e9s de la p\u00e0gina web, el que supose l&#8217;acceptaci\u00f3 d&#8217;aquestes condicions per part de l&#8217;interessat.<\/p>\n\n<p>Redes socials<\/p>\n\n<p>La base de legitimaci\u00f3 \u00e9s el consentiment informat per donar resposta a les consultes plantades a trav\u00e9s de la red social, aix\u00ed com el moment en el que ens segueix i desitja forma part de la nostra llista de contactes.<\/p>\n\n<p>An\u00e0lisi d&#8217;usabilitat i qualitat (Cookies)<\/p>\n\n<p>Consentiment de l&#8217;usuari per a la implantaci\u00f3 de cookies.<\/p>\n\n<p>DURANT CU\u00c0NTO TIEMPO CONSERVAREM SUS DATOS?<\/p>\n\n<p>Sol\u00b7licitud d&#8217;informaci\u00f3.<\/p>\n\n<p>Tractarem les seves dades durant el temps que sigui necessari per atendre la seva petici\u00f3 i posteriorment un any.<\/p>\n\n<p>Redes socials<\/p>\n\n<p>Tractarem les seves dades durant el temps que sea necessari per atendre la seva petici\u00f3 i mentre sea seguidor del nostre perfil.<\/p>\n\n<p>\u00bfCOMPARTIREM SUS DATES AMB TERCEROS?<\/p>\n\n<p>Per complir les finalitats indicades a la present Pol\u00edtica de privacitat, \u00e9s necessari que demos accedir a les seves dades personals a terceres parts que ens presten suport als serveis que us oferim i detallem a continuaci\u00f3:<\/p>\n\n<p>Proveedores de serveis tecnol\u00f2gics<\/p>\n\n<p>\u00bfCU\u00c1LES SON TUS DERECHOS CUANDO NOS FACILITA TUS DATOS?<\/p>\n\n<p>Nosaltres ens comprometem a respectar la confidencialitat de les seves dades personals i garantir l&#8217;exercici dels seus drets.<\/p>\n\n<p>Podr\u00e1 ejercitarlos sin coste alguno remiti\u00e9ndonos un correo electr\u00f3nico a nuestra direcci\u00f3n Correo, simplemente indicando el motivo de la solicitud y el derecho que quiere ejercitar.<\/p>\n\n<p>En cas de que considerem necessari per poder identificar-lo, podrem sol\u00b7licitar la c\u00f2pia d&#8217;un document acreditatiu de la seva identitat. En particular, independentment de la finalitat o la base legal en virtut de la que tractem les seves dades, vost\u00e8 t\u00e9 dret a:<\/p>\n\n<p>Permet accedir als seus dades dels que disposem.<\/p>\n\n<p>Permetem que rectifiquem les dades dels que disposem. Tenga en compte que, al facilitar-nos activament els seus dades personals per qualsevol via, garanteix que s\u00f3n certs i exactes i es compromet a notificar qualsevol canvi o modificaci\u00f3 dels mateixos.<\/p>\n\n<p>Permetem que suprimem les seves dades en la mesura en qu\u00e8 no es consideren necessaris per a la finalitat per als que necessitem tractar segons ens hem informat amb anterioritat, o en qu\u00e8 no contem amb legitimaci\u00f3 per fer-ho.<\/p>\n\n<p>Permetem que limitem el tractament de les seves dades, el que suposem que en determinats casos pugui sol\u00b7licitar que suspendem temporalment el tractament de les dades o que els conservem m\u00e9s tot el temps necessari quan puguin necessitar. Si ens ha proporcionat el seu consentiment per al tractament de les seves dades per a qualsevol finalitat, tamb\u00e9 t\u00e9 dret a retirar-lo en qualsevol moment.<\/p>\n\n<p>Per una altra part, quan el tractament de les seves dades estigui basat en el nostre inter\u00e8s leg\u00edtim, tamb\u00e9 tindr\u00e0 dret a oposar-se al tractament de les seves dades.<\/p>\n\n<p>Per \u00faltim, us informem del seu dret a presentar una reclamaci\u00f3 davant l&#8217;autoritat de control en mat\u00e8ria de protecci\u00f3 de dades pertinents, en particular, davant l&#8217;Agencia Espa\u00f1ola de Protecci\u00f3n de Datos https:\/\/www.agpd.es\/portalwebAGPD\/index- ides-idphp.php<\/p>\n\n<p>CAMBIOS A LA POL\u00cdTICA DE PRIVACITAT.<\/p>\n\n<p>\u00c9s possible que modifiquem la informaci\u00f3 continguda en aquesta Pol\u00edtica de privacitat quan estimem convenient. En cas de fer-ho, avisem per diferents vies a trav\u00e9s de la Plataforma, o incl\u00fas comunicar-nos a la vostra adre\u00e7a de correu electr\u00f2nic quan el canvi en q\u00fcesti\u00f3 sigui significatiu per a la seva privacitat, de manera que pugui revisar els canvis, valorarlos y, en su caso, oponerse o darse de baja en alg\u00fan servicio o funcionalidad.<\/p>\n\n<p>INFORMACI\u00d3 SOBRE COOKIES<\/p>\n\n<p>Utilitzem cookies i dispositius similars per facilitar la seva navegaci\u00f3 a la Plataforma, con\u00e8ixer com interactuem amb nosaltres i, en determinats casos, poder mostrar publicitat en funci\u00f3 dels vostres h\u00e0bits de navegaci\u00f3. Si us plau, llegeu la nostra Pol\u00edtica de Cookies per con\u00e8ixer el major detall de les galetes i dispositius similars que fem servir, la seva finalitat i una altra informaci\u00f3 d&#8217;inter\u00e8s.<\/p>\n","protected":false},"excerpt":{"rendered":"<p>\u00bfQUI\u00c9N ES EL RESPONSABLE DEL TRATAMIENTO DE SUS DATOS? RESPONSABLE DEL TRATAMIENT de les seves dades \u00e9s: Titular: Bioquim SA CIF: Direcci\u00f3: c\\Alemanya 1, 08520, Les Franqueses del Vall\u00e8s (Barcelona) Tel\u00e8fon: (+34) 93 849 53 02 Correu electr\u00f2nic: bioquim@bioquim.net QU\u00c9 TIPO DE DATOS TRATAMOS? Dependiendo dels productes, serveis o funcionalitats dels que volem gaudir en [&hellip;]<\/p>\n","protected":false},"author":1,"featured_media":0,"parent":0,"menu_order":0,"comment_status":"closed","ping_status":"open","template":"","meta":{"footnotes":""},"class_list":["post-1322","page","type-page","status-publish","hentry"],"yoast_head":"<!-- This site is optimized with the Yoast SEO plugin v26.3 - https:\/\/yoast.com\/wordpress\/plugins\/seo\/ -->\n<title>Pol\u00edtica de privacitat - Bioquim - your reliable CDMO partner<\/title>\n<meta name=\"robots\" content=\"index, follow, max-snippet:-1, max-image-preview:large, max-video-preview:-1\" \/>\n<link rel=\"canonical\" href=\"https:\/\/bioquim.net\/politica-privacidad\/\" \/>\n<meta property=\"og:locale\" content=\"ca_ES\" \/>\n<meta property=\"og:type\" content=\"article\" \/>\n<meta property=\"og:title\" content=\"Pol\u00edtica de privacitat - Bioquim - your reliable CDMO partner\" \/>\n<meta property=\"og:description\" content=\"\u00bfQUI\u00c9N ES EL RESPONSABLE DEL TRATAMIENTO DE SUS DATOS? RESPONSABLE DEL TRATAMIENT de les seves dades \u00e9s: Titular: Bioquim SA CIF: Direcci\u00f3: cAlemanya 1, 08520, Les Franqueses del Vall\u00e8s (Barcelona) Tel\u00e8fon: (+34) 93 849 53 02 Correu electr\u00f2nic: bioquim@bioquim.net QU\u00c9 TIPO DE DATOS TRATAMOS? Dependiendo dels productes, serveis o funcionalitats dels que volem gaudir en [&hellip;]\" \/>\n<meta property=\"og:url\" content=\"https:\/\/bioquim.net\/politica-privacidad\/\" \/>\n<meta property=\"og:site_name\" content=\"Bioquim - your reliable CDMO partner\" \/>\n<meta property=\"article:modified_time\" content=\"2023-12-12T13:11:08+00:00\" \/>\n<meta name=\"twitter:card\" content=\"summary_large_image\" \/>\n<meta name=\"twitter:label1\" content=\"Temps estimat de lectura\" \/>\n\t<meta name=\"twitter:data1\" content=\"6 minuts\" \/>\n<script type=\"application\/ld+json\" class=\"yoast-schema-graph\">{\"@context\":\"https:\/\/schema.org\",\"@graph\":[{\"@type\":\"WebPage\",\"@id\":\"https:\/\/bioquim.net\/politica-privacidad\/\",\"url\":\"https:\/\/bioquim.net\/politica-privacidad\/\",\"name\":\"Pol\u00edtica de privacitat - Bioquim - your reliable CDMO partner\",\"isPartOf\":{\"@id\":\"https:\/\/bioquim.net\/#website\"},\"datePublished\":\"2022-11-13T15:07:21+00:00\",\"dateModified\":\"2023-12-12T13:11:08+00:00\",\"breadcrumb\":{\"@id\":\"https:\/\/bioquim.net\/politica-privacidad\/#breadcrumb\"},\"inLanguage\":\"ca\",\"potentialAction\":[{\"@type\":\"ReadAction\",\"target\":[\"https:\/\/bioquim.net\/politica-privacidad\/\"]}]},{\"@type\":\"BreadcrumbList\",\"@id\":\"https:\/\/bioquim.net\/politica-privacidad\/#breadcrumb\",\"itemListElement\":[{\"@type\":\"ListItem\",\"position\":1,\"name\":\"Portada\",\"item\":\"https:\/\/bioquim.net\/\"},{\"@type\":\"ListItem\",\"position\":2,\"name\":\"Pol\u00edtica de privacitat\"}]},{\"@type\":\"WebSite\",\"@id\":\"https:\/\/bioquim.net\/#website\",\"url\":\"https:\/\/bioquim.net\/\",\"name\":\"Bioquim - your reliable CDMO partner\",\"description\":\"\",\"potentialAction\":[{\"@type\":\"SearchAction\",\"target\":{\"@type\":\"EntryPoint\",\"urlTemplate\":\"https:\/\/bioquim.net\/?s={search_term_string}\"},\"query-input\":{\"@type\":\"PropertyValueSpecification\",\"valueRequired\":true,\"valueName\":\"search_term_string\"}}],\"inLanguage\":\"ca\"}]}<\/script>\n<!-- \/ Yoast SEO plugin. -->","yoast_head_json":{"title":"Pol\u00edtica de privacitat - Bioquim - your reliable CDMO partner","robots":{"index":"index","follow":"follow","max-snippet":"max-snippet:-1","max-image-preview":"max-image-preview:large","max-video-preview":"max-video-preview:-1"},"canonical":"https:\/\/bioquim.net\/politica-privacidad\/","og_locale":"ca_ES","og_type":"article","og_title":"Pol\u00edtica de privacitat - Bioquim - your reliable CDMO partner","og_description":"\u00bfQUI\u00c9N ES EL RESPONSABLE DEL TRATAMIENTO DE SUS DATOS? RESPONSABLE DEL TRATAMIENT de les seves dades \u00e9s: Titular: Bioquim SA CIF: Direcci\u00f3: cAlemanya 1, 08520, Les Franqueses del Vall\u00e8s (Barcelona) Tel\u00e8fon: (+34) 93 849 53 02 Correu electr\u00f2nic: bioquim@bioquim.net QU\u00c9 TIPO DE DATOS TRATAMOS? Dependiendo dels productes, serveis o funcionalitats dels que volem gaudir en [&hellip;]","og_url":"https:\/\/bioquim.net\/politica-privacidad\/","og_site_name":"Bioquim - your reliable CDMO partner","article_modified_time":"2023-12-12T13:11:08+00:00","twitter_card":"summary_large_image","twitter_misc":{"Temps estimat de lectura":"6 minuts"},"schema":{"@context":"https:\/\/schema.org","@graph":[{"@type":"WebPage","@id":"https:\/\/bioquim.net\/politica-privacidad\/","url":"https:\/\/bioquim.net\/politica-privacidad\/","name":"Pol\u00edtica de privacitat - Bioquim - your reliable CDMO partner","isPartOf":{"@id":"https:\/\/bioquim.net\/#website"},"datePublished":"2022-11-13T15:07:21+00:00","dateModified":"2023-12-12T13:11:08+00:00","breadcrumb":{"@id":"https:\/\/bioquim.net\/politica-privacidad\/#breadcrumb"},"inLanguage":"ca","potentialAction":[{"@type":"ReadAction","target":["https:\/\/bioquim.net\/politica-privacidad\/"]}]},{"@type":"BreadcrumbList","@id":"https:\/\/bioquim.net\/politica-privacidad\/#breadcrumb","itemListElement":[{"@type":"ListItem","position":1,"name":"Portada","item":"https:\/\/bioquim.net\/"},{"@type":"ListItem","position":2,"name":"Pol\u00edtica de privacitat"}]},{"@type":"WebSite","@id":"https:\/\/bioquim.net\/#website","url":"https:\/\/bioquim.net\/","name":"Bioquim - your reliable CDMO partner","description":"","potentialAction":[{"@type":"SearchAction","target":{"@type":"EntryPoint","urlTemplate":"https:\/\/bioquim.net\/?s={search_term_string}"},"query-input":{"@type":"PropertyValueSpecification","valueRequired":true,"valueName":"search_term_string"}}],"inLanguage":"ca"}]}},"_links":{"self":[{"href":"https:\/\/bioquim.net\/ca\/wp-json\/wp\/v2\/pages\/1322","targetHints":{"allow":["GET"]}}],"collection":[{"href":"https:\/\/bioquim.net\/ca\/wp-json\/wp\/v2\/pages"}],"about":[{"href":"https:\/\/bioquim.net\/ca\/wp-json\/wp\/v2\/types\/page"}],"author":[{"embeddable":true,"href":"https:\/\/bioquim.net\/ca\/wp-json\/wp\/v2\/users\/1"}],"replies":[{"embeddable":true,"href":"https:\/\/bioquim.net\/ca\/wp-json\/wp\/v2\/comments?post=1322"}],"version-history":[{"count":1,"href":"https:\/\/bioquim.net\/ca\/wp-json\/wp\/v2\/pages\/1322\/revisions"}],"predecessor-version":[{"id":1340,"href":"https:\/\/bioquim.net\/ca\/wp-json\/wp\/v2\/pages\/1322\/revisions\/1340"}],"wp:attachment":[{"href":"https:\/\/bioquim.net\/ca\/wp-json\/wp\/v2\/media?parent=1322"}],"curies":[{"name":"wp","href":"https:\/\/api.w.org\/{rel}","templated":true}]}}